{"id":987695,"date":"2022-07-11T10:01:50","date_gmt":"2022-07-11T10:01:50","guid":{"rendered":"https:\/\/chersparents.be\/?page_id=987695"},"modified":"2022-09-08T15:08:48","modified_gmt":"2022-09-08T15:08:48","slug":"les-ecrans","status":"publish","type":"page","link":"https:\/\/chersparents.be\/index.php\/les-jalons-de-lenfance\/les-ecrans\/","title":{"rendered":"Les \u00e9crans"},"content":{"rendered":"\t\t<div data-elementor-type=\"wp-page\" data-elementor-id=\"987695\" class=\"elementor elementor-987695\" data-elementor-post-type=\"page\">\n\t\t\t\t\t\t<section class=\"elementor-section elementor-top-section elementor-element elementor-element-79f96eec elementor-section-boxed elementor-section-height-default elementor-section-height-default\" data-id=\"79f96eec\" data-element_type=\"section\" data-settings=\"{&quot;background_motion_fx_scale_effect&quot;:&quot;yes&quot;,&quot;background_motion_fx_scale_direction&quot;:&quot;in-out&quot;,&quot;background_motion_fx_scale_range&quot;:{&quot;unit&quot;:&quot;%&quot;,&quot;size&quot;:&quot;&quot;,&quot;sizes&quot;:{&quot;start&quot;:0,&quot;end&quot;:41}},&quot;background_motion_fx_scale_speed&quot;:{&quot;unit&quot;:&quot;px&quot;,&quot;size&quot;:4,&quot;sizes&quot;:[]},&quot;background_motion_fx_devices&quot;:[&quot;desktop&quot;,&quot;tablet&quot;,&quot;mobile&quot;]}\">\n\t\t\t\t\t\t<div class=\"elementor-container elementor-column-gap-default\">\n\t\t\t\t\t<div class=\"elementor-column elementor-col-100 elementor-top-column elementor-element elementor-element-4bda7927\" data-id=\"4bda7927\" data-element_type=\"column\">\n\t\t\t<div class=\"elementor-widget-wrap elementor-element-populated\">\n\t\t\t\t\t\t<div class=\"elementor-element elementor-element-1bd7098e elementor-widget elementor-widget-heading\" data-id=\"1bd7098e\" data-element_type=\"widget\" data-widget_type=\"heading.default\">\n\t\t\t\t<div class=\"elementor-widget-container\">\n\t\t\t\t\t<h3 class=\"elementor-heading-title elementor-size-default\">Le saviez-vous ?<\/h3>\t\t\t\t<\/div>\n\t\t\t\t<\/div>\n\t\t\t\t<div class=\"elementor-element elementor-element-21ae877 elementor-widget elementor-widget-spacer\" data-id=\"21ae877\" data-element_type=\"widget\" data-widget_type=\"spacer.default\">\n\t\t\t\t<div class=\"elementor-widget-container\">\n\t\t\t\t\t\t\t<div class=\"elementor-spacer\">\n\t\t\t<div class=\"elementor-spacer-inner\"><\/div>\n\t\t<\/div>\n\t\t\t\t\t\t<\/div>\n\t\t\t\t<\/div>\n\t\t\t\t<div class=\"elementor-element elementor-element-540e4ac2 elementor-widget elementor-widget-text-editor\" data-id=\"540e4ac2\" data-element_type=\"widget\" data-widget_type=\"text-editor.default\">\n\t\t\t\t<div class=\"elementor-widget-container\">\n\t\t\t\t\t\t\t\t\t<p><img fetchpriority=\"high\" decoding=\"async\" class=\"alignright wp-image-988573\" src=\"https:\/\/chersparents.be\/wp-content\/uploads\/2022\/08\/AdobeStock_309587466-300x200.jpeg\" alt=\"\" width=\"400\" height=\"267\" srcset=\"https:\/\/chersparents.be\/wp-content\/uploads\/2022\/08\/AdobeStock_309587466-300x200.jpeg 300w, https:\/\/chersparents.be\/wp-content\/uploads\/2022\/08\/AdobeStock_309587466-1024x683.jpeg 1024w, https:\/\/chersparents.be\/wp-content\/uploads\/2022\/08\/AdobeStock_309587466-768x512.jpeg 768w, https:\/\/chersparents.be\/wp-content\/uploads\/2022\/08\/AdobeStock_309587466-1536x1024.jpeg 1536w, https:\/\/chersparents.be\/wp-content\/uploads\/2022\/08\/AdobeStock_309587466-2048x1365.jpeg 2048w\" sizes=\"(max-width: 400px) 100vw, 400px\" \/><\/p><p>Certains pensent que les \u00e9crans am\u00e9liorent nos capacit\u00e9s cognitives. Malheureusement, c\u2019est trop beau pour \u00eatre vrai ! Il a \u00e9t\u00e9 d\u00e9montr\u00e9, au contraire, qu\u2019une exposition pr\u00e9coce et\/ou r\u00e9guli\u00e8re aux \u00e9crans a un impact n\u00e9gatif sur le d\u00e9veloppement du cerveau et peut conduire \u00e0 des retards de d\u00e9veloppement cognitif sur les plans langagier, attentionnel, etc. Des \u00e9tudes ont \u00e9galement montr\u00e9 que l\u2019exposition excessive aux \u00e9crans peut \u00eatre associ\u00e9e, entre autres, \u00e0 de l\u2019ob\u00e9sit\u00e9, des sympt\u00f4mes de d\u00e9pression et des troubles du sommeil (voir rubrique <a href=\"https:\/\/chersparents.be\/index.php\/les-jalons-de-ladolescence\/le-sommeil\/\" target=\"_blank\" rel=\"noopener\"><em>Le sommeil<\/em><\/a>).<\/p><p>Faut-il alors interdire tout \u00e9cran\u00a0? Bien s\u00fbr que non\u00a0! Les \u00e9crans (t\u00e9l\u00e9phone, tablette, ordinateur, etc.) font partie int\u00e9grante de notre vie et de celle de nos enfants. Nous pouvons m\u00eame aller jusqu\u2019\u00e0 dire que nos enfants sont n\u00e9s et doivent apprendre progressivement \u00e0 vivre dans ce monde d\u2019ultra-connectivit\u00e9. En outre, ces \u00e9crans peuvent \u00eatre des alli\u00e9s dans la vie de tous les jours pour des raisons tr\u00e8s pratiques\u00a0: travailler, r\u00e9server des vacances ou des billets de transport, chercher des informations scientifiques, culturelles, etc.<\/p><p>L\u2019information, la connaissance, la culture, au sens large du terme, sont \u00e0 notre port\u00e9e en seulement quelques clics\u00a0! Alors pourquoi s\u2019en passer\u00a0?<\/p><p>Mais une question reste fondamentale\u00a0: comment ne pas se faire happer et devenir accro ? <br \/>En d\u2019autres termes, comment apprendre \u00e0 vivre en \u00ab\u00a0harmonie\u00a0\u00bb avec les \u00e9crans tout en gardant le contr\u00f4le sur leur utilisation\u00a0?<\/p><p>Facile \u00e0 dire\u2026 \u00e9videmment\u00a0!<\/p>\t\t\t\t\t\t\t\t<\/div>\n\t\t\t\t<\/div>\n\t\t\t\t<div class=\"elementor-element elementor-element-d241756 elementor-widget elementor-widget-spacer\" data-id=\"d241756\" data-element_type=\"widget\" data-widget_type=\"spacer.default\">\n\t\t\t\t<div class=\"elementor-widget-container\">\n\t\t\t\t\t\t\t<div class=\"elementor-spacer\">\n\t\t\t<div class=\"elementor-spacer-inner\"><\/div>\n\t\t<\/div>\n\t\t\t\t\t\t<\/div>\n\t\t\t\t<\/div>\n\t\t\t\t<div class=\"elementor-element elementor-element-c403437 elementor-widget elementor-widget-heading\" data-id=\"c403437\" data-element_type=\"widget\" data-widget_type=\"heading.default\">\n\t\t\t\t<div class=\"elementor-widget-container\">\n\t\t\t\t\t<h3 class=\"elementor-heading-title elementor-size-default\">Pourquoi est-on accro aux \u00e9crans ?<\/h3>\t\t\t\t<\/div>\n\t\t\t\t<\/div>\n\t\t\t\t<div class=\"elementor-element elementor-element-865b60d elementor-widget elementor-widget-spacer\" data-id=\"865b60d\" data-element_type=\"widget\" data-widget_type=\"spacer.default\">\n\t\t\t\t<div class=\"elementor-widget-container\">\n\t\t\t\t\t\t\t<div class=\"elementor-spacer\">\n\t\t\t<div class=\"elementor-spacer-inner\"><\/div>\n\t\t<\/div>\n\t\t\t\t\t\t<\/div>\n\t\t\t\t<\/div>\n\t\t\t\t<div class=\"elementor-element elementor-element-5149d0f6 elementor-widget elementor-widget-text-editor\" data-id=\"5149d0f6\" data-element_type=\"widget\" data-widget_type=\"text-editor.default\">\n\t\t\t\t<div class=\"elementor-widget-container\">\n\t\t\t\t\t\t\t\t\t<p><img decoding=\"async\" class=\"alignleft wp-image-988578\" src=\"https:\/\/chersparents.be\/wp-content\/uploads\/2022\/08\/AdobeStock_119361714-300x200.jpeg\" alt=\"\" width=\"500\" height=\"333\" srcset=\"https:\/\/chersparents.be\/wp-content\/uploads\/2022\/08\/AdobeStock_119361714-300x200.jpeg 300w, https:\/\/chersparents.be\/wp-content\/uploads\/2022\/08\/AdobeStock_119361714-1024x683.jpeg 1024w, https:\/\/chersparents.be\/wp-content\/uploads\/2022\/08\/AdobeStock_119361714-768x512.jpeg 768w, https:\/\/chersparents.be\/wp-content\/uploads\/2022\/08\/AdobeStock_119361714-1536x1024.jpeg 1536w, https:\/\/chersparents.be\/wp-content\/uploads\/2022\/08\/AdobeStock_119361714-2048x1365.jpeg 2048w\" sizes=\"(max-width: 500px) 100vw, 500px\" \/>Jeux vid\u00e9o, activit\u00e9s en ligne et connexion aux r\u00e9seaux sociaux recourent \u00e0 ce que l\u2019on appelle \u00ab\u00a0le circuit de la r\u00e9compense\u00a0\u00bb, celui-l\u00e0 m\u00eame qui est impliqu\u00e9 dans les addictions chez les personnes d\u00e9pendantes aux substances.<\/p><p>Le fait de r\u00e9colter des likes sur Instagram ou sur Facebook agit comme une drogue pour notre cerveau en stimulant la production de la dopamine, connue comme \u00e9tant la mol\u00e9cule du plaisir imm\u00e9diat\u00a0!<\/p><p>En cons\u00e9quence, nous nous connectons encore et encore \u00e0 diff\u00e9rentes applications pour ressentir cette sensation de plaisir ! Et c\u2019est bien le but de ces applications : utiliser les m\u00e9canismes de r\u00e9compense et de renforcement bien connus en psychologie comportementale pour nous rendre d\u00e9pendant(e)s ! \u00c0 l\u2019instar des souris en laboratoire qui appuient sur des petites p\u00e9dales pour obtenir de la nourriture, nous \u00ab scrollons \u00bb en qu\u00eate principalement de renforcements sociaux et de ce sentiment de plaisir imm\u00e9diat que nous procurent, par exemple, les likes, le nombre de followers que nous obtenons, etc.<\/p><p>N.B.\u00a0: le terme \u00ab\u00a0scroller\u00a0\u00bb vient du verbe anglais <em>to scroll<\/em> qui qualifie l\u2019action de faire d\u00e9rouler les pages Internet du bout de notre pouce ou via notre souris.<\/p><p>\u00a0<\/p>\t\t\t\t\t\t\t\t<\/div>\n\t\t\t\t<\/div>\n\t\t\t\t<div class=\"elementor-element elementor-element-fb3a52a elementor-widget elementor-widget-spacer\" data-id=\"fb3a52a\" data-element_type=\"widget\" data-widget_type=\"spacer.default\">\n\t\t\t\t<div class=\"elementor-widget-container\">\n\t\t\t\t\t\t\t<div class=\"elementor-spacer\">\n\t\t\t<div class=\"elementor-spacer-inner\"><\/div>\n\t\t<\/div>\n\t\t\t\t\t\t<\/div>\n\t\t\t\t<\/div>\n\t\t\t\t<div class=\"elementor-element elementor-element-66777410 elementor-widget elementor-widget-heading\" data-id=\"66777410\" data-element_type=\"widget\" data-widget_type=\"heading.default\">\n\t\t\t\t<div class=\"elementor-widget-container\">\n\t\t\t\t\t<h3 class=\"elementor-heading-title elementor-size-default\">Et si on fixait des r\u00e8gles claires pour l'utilisation des \u00e9crans ?<\/h3>\t\t\t\t<\/div>\n\t\t\t\t<\/div>\n\t\t\t\t<div class=\"elementor-element elementor-element-6bf5343 elementor-widget elementor-widget-spacer\" data-id=\"6bf5343\" data-element_type=\"widget\" data-widget_type=\"spacer.default\">\n\t\t\t\t<div class=\"elementor-widget-container\">\n\t\t\t\t\t\t\t<div class=\"elementor-spacer\">\n\t\t\t<div class=\"elementor-spacer-inner\"><\/div>\n\t\t<\/div>\n\t\t\t\t\t\t<\/div>\n\t\t\t\t<\/div>\n\t\t\t\t<div class=\"elementor-element elementor-element-5f9c01d3 elementor-widget elementor-widget-text-editor\" data-id=\"5f9c01d3\" data-element_type=\"widget\" data-widget_type=\"text-editor.default\">\n\t\t\t\t<div class=\"elementor-widget-container\">\n\t\t\t\t\t\t\t\t\t<p>Entre les risques d\u2019addiction aux \u00e9crans, les contenus parfois violents ou explicites que nous pouvons rencontrer sur Internet, les r\u00e9seaux sociaux et les messages qui y sont v\u00e9hicul\u00e9s, on peut s\u2019interroger sur l\u2019impact des \u00e9crans sur notre vie de tous les jours. \u00a0<\/p><p>Il est donc fondamental de r\u00e9fl\u00e9chir \u00e0 notre propre utilisation des \u00e9crans et au r\u00f4le que nous pouvons jouer dans la r\u00e9gulation de l\u2019exposition de nos enfants \u00e0 ceux-ci.<\/p><p>Dans ce contexte, <a href=\"https:\/\/www.yapaka.be\" target=\"_blank\" rel=\"noopener\">Yapaka<\/a>, le programme de pr\u00e9vention de la maltraitance \u00e0 l\u2019initiative de la F\u00e9d\u00e9ration Wallonie-Bruxelles, a d\u00e9velopp\u00e9 la <a href=\"https:\/\/www.yapaka.be\/ecrans\" target=\"_blank\" rel=\"noopener\">campagne 3-6-9-12<\/a> afin de donner des rep\u00e8res dans l\u2019utilisation des \u00e9crans d\u00e8s le plus jeune \u00e2ge. Ces rep\u00e8res sont importants pour garder le cap d\u2019une utilisation r\u00e9fl\u00e9chie et contr\u00f4l\u00e9e de notre consommation du monde num\u00e9rique. Ils s\u2019accompagnent de comportements-cl\u00e9s, comme le dialogue et l\u2019\u00e9tablissement de r\u00e8gles claires sur le mode et le temps d\u2019utilisation des \u00e9crans, quelle que soit la tranche d\u2019\u00e2ge de l\u2019enfant.<\/p><ul><li><strong>Pas de t\u00e9l\u00e9vision avant 3 ans\u00a0<\/strong>: durant cette p\u00e9riode-cl\u00e9 du d\u00e9veloppement, le (la) jeune enfant d\u00e9couvre et apprend par le jeu, l\u2019exp\u00e9rimentation par les sens et surtout l\u2019\u00e9change et le contact avec ses parents et son entourage. Ces premi\u00e8res exp\u00e9riences de vie lui permettent de d\u00e9couvrir activement le monde et de d\u00e9velopper ses connaissances. Les \u00e9crans (m\u00eame comme fond sonore ou visuel) sont donc \u00e0 \u00e9viter absolument !<\/li><li><strong>Pas de console de jeu avant 6 ans : <\/strong>une nouvelle fois, l\u2019exp\u00e9rimentation et la manipulation doivent rester les sources principales d\u2019explorations et de d\u00e9couvertes. Il s\u2019agit d\u2019une p\u00e9riode importante au cours de laquelle les nouveaux apprentissages peuvent aussi \u00eatre r\u00e9alis\u00e9s en collectivit\u00e9 et conduire ainsi au d\u00e9veloppement des relations \u00e0 autrui. Le risque de l\u2019utilisation de consoles avant cet \u00e2ge est de limiter les autres types d\u2019exploration chez l\u2019enfant.<\/li><li><img decoding=\"async\" class=\"alignright wp-image-988583\" src=\"https:\/\/chersparents.be\/wp-content\/uploads\/2022\/08\/AdobeStock_342302621-300x200.jpeg\" alt=\"\" width=\"400\" height=\"267\" srcset=\"https:\/\/chersparents.be\/wp-content\/uploads\/2022\/08\/AdobeStock_342302621-300x200.jpeg 300w, https:\/\/chersparents.be\/wp-content\/uploads\/2022\/08\/AdobeStock_342302621-1024x683.jpeg 1024w, https:\/\/chersparents.be\/wp-content\/uploads\/2022\/08\/AdobeStock_342302621-768x512.jpeg 768w, https:\/\/chersparents.be\/wp-content\/uploads\/2022\/08\/AdobeStock_342302621-1536x1024.jpeg 1536w, https:\/\/chersparents.be\/wp-content\/uploads\/2022\/08\/AdobeStock_342302621-2048x1365.jpeg 2048w\" sizes=\"(max-width: 400px) 100vw, 400px\" \/><strong>Pas d\u2019Internet seul avant 9 ans\u00a0<\/strong>: il existe un risque r\u00e9el qu\u2019en l\u2019absence de contr\u00f4le d\u2019un adulte, l\u2019enfant soit confront\u00e9(e) \u00e0 des images dont il (elle) ne pourra pas g\u00e9rer l\u2019impact \u00e9motionnel. Il est donc n\u00e9cessaire de rester disponible physiquement (privil\u00e9gier l\u2019utilisation des \u00e9crans dans des pi\u00e8ces communes) mais \u00e9galement de contr\u00f4ler les contenus consult\u00e9s et de proposer des \u00e9changes ult\u00e9rieurs en cas de questionnement concernant ceux-ci.<\/li><li><strong style=\"color: var(--vamtam-primary-font-color);letter-spacing: var(--vamtam-primary-font-letter-spacing-desktop,normal);text-transform: var(--vamtam-primary-font-transform,none)\">Pas de r\u00e9seau social avant 12 ans\u00a0<\/strong><span style=\"color: var(--vamtam-primary-font-color);letter-spacing: var(--vamtam-primary-font-letter-spacing-desktop,normal);text-transform: var(--vamtam-primary-font-transform,none)\">: une nouvelle fois, il reste essentiel, m\u00eame chez l\u2019enfant plus \u00e2g\u00e9(e), de privil\u00e9gier les relations sociales et la d\u00e9couverte du monde ext\u00e9rieur par le biais du r\u00e9el. Progressivement et avec l\u2019aide des adultes, l\u2019enfant apprendra \u00e0 g\u00e9rer ses relations aux \u00e9crans et aux informations qui sont v\u00e9hicul\u00e9es par les r\u00e9seaux sociaux.<\/span><\/li><\/ul><p>Ces rep\u00e8res doivent, dans tous les cas, \u00eatre accompagn\u00e9s de discussions et d\u2019\u00e9changes sur l\u2019addiction aux \u00e9crans et les circuits de la r\u00e9compense pour favoriser une meilleure compr\u00e9hension des m\u00e9canismes de renforcement \u00e0 la base de notre utilisation des \u00e9crans. Ils sont \u00e9galement indissociables d\u2019une explication sur le droit \u00e0 l\u2019image, sur le caract\u00e8re \u00ab\u00a0\u00e9ternel\u00a0\u00bb des contenus publi\u00e9s, sur la pertinence et validit\u00e9 des contenus mais aussi sur les d\u00e9rives des r\u00e9seaux sociaux.<\/p>\t\t\t\t\t\t\t\t<\/div>\n\t\t\t\t<\/div>\n\t\t\t\t<div class=\"elementor-element elementor-element-0bf1c68 elementor-widget elementor-widget-spacer\" data-id=\"0bf1c68\" data-element_type=\"widget\" data-widget_type=\"spacer.default\">\n\t\t\t\t<div class=\"elementor-widget-container\">\n\t\t\t\t\t\t\t<div class=\"elementor-spacer\">\n\t\t\t<div class=\"elementor-spacer-inner\"><\/div>\n\t\t<\/div>\n\t\t\t\t\t\t<\/div>\n\t\t\t\t<\/div>\n\t\t\t\t<div class=\"elementor-element elementor-element-7179b3fa elementor-widget elementor-widget-heading\" data-id=\"7179b3fa\" data-element_type=\"widget\" data-widget_type=\"heading.default\">\n\t\t\t\t<div class=\"elementor-widget-container\">\n\t\t\t\t\t<h3 class=\"elementor-heading-title elementor-size-default\">Que faire en tant que parent ?<\/h3>\t\t\t\t<\/div>\n\t\t\t\t<\/div>\n\t\t\t\t<div class=\"elementor-element elementor-element-c961264 elementor-widget elementor-widget-spacer\" data-id=\"c961264\" data-element_type=\"widget\" data-widget_type=\"spacer.default\">\n\t\t\t\t<div class=\"elementor-widget-container\">\n\t\t\t\t\t\t\t<div class=\"elementor-spacer\">\n\t\t\t<div class=\"elementor-spacer-inner\"><\/div>\n\t\t<\/div>\n\t\t\t\t\t\t<\/div>\n\t\t\t\t<\/div>\n\t\t\t\t<div class=\"elementor-element elementor-element-106749c6 elementor-widget elementor-widget-text-editor\" data-id=\"106749c6\" data-element_type=\"widget\" data-widget_type=\"text-editor.default\">\n\t\t\t\t<div class=\"elementor-widget-container\">\n\t\t\t\t\t\t\t\t\t<p><!--StartFragment --><\/p><p class=\"pf0\"><span class=\"cf0\">Apr\u00e8s une enqu\u00eate r\u00e9alis\u00e9e par l\u2019ONE en 2015, des recommandations autour de cinq axes ont \u00e9t\u00e9 propos\u00e9es :<\/span><\/p><ul><li class=\"pf0\"><span class=\"cf1\">consid\u00e9rer le<b> contexte de vie<\/b> de l&rsquo;enfant ;<\/span><\/li><li class=\"pf0\">mettre en place des<b> r\u00e8gles<\/b> concernant l&rsquo;utilisation des \u00e9crans ;<\/li><li class=\"pf0\">privil\u00e9gier le <b>dialogue<\/b> ;<\/li><li class=\"pf0\">rester <b>positif<\/b> quant \u00e0 l&rsquo;utilisation des <b>nouvelles technologies<\/b> ;<\/li><li class=\"pf0\">poser un <b>cadre clair<\/b> qui respecte les valeurs de la famille, le contexte et les sp\u00e9cificit\u00e9s de l&rsquo;enfant.<\/li><\/ul><p><!--EndFragment --><\/p>\t\t\t\t\t\t\t\t<\/div>\n\t\t\t\t<\/div>\n\t\t\t\t<div class=\"elementor-element elementor-element-2e5f9a8 elementor-widget elementor-widget-spacer\" data-id=\"2e5f9a8\" data-element_type=\"widget\" data-widget_type=\"spacer.default\">\n\t\t\t\t<div class=\"elementor-widget-container\">\n\t\t\t\t\t\t\t<div class=\"elementor-spacer\">\n\t\t\t<div class=\"elementor-spacer-inner\"><\/div>\n\t\t<\/div>\n\t\t\t\t\t\t<\/div>\n\t\t\t\t<\/div>\n\t\t\t\t<div class=\"elementor-element elementor-element-38d76933 elementor-widget elementor-widget-heading\" data-id=\"38d76933\" data-element_type=\"widget\" data-widget_type=\"heading.default\">\n\t\t\t\t<div class=\"elementor-widget-container\">\n\t\t\t\t\t<h3 class=\"elementor-heading-title elementor-size-default\">Et concr\u00e8tement ?<\/h3>\t\t\t\t<\/div>\n\t\t\t\t<\/div>\n\t\t\t\t<div class=\"elementor-element elementor-element-b46c235 elementor-widget elementor-widget-spacer\" data-id=\"b46c235\" data-element_type=\"widget\" data-widget_type=\"spacer.default\">\n\t\t\t\t<div class=\"elementor-widget-container\">\n\t\t\t\t\t\t\t<div class=\"elementor-spacer\">\n\t\t\t<div class=\"elementor-spacer-inner\"><\/div>\n\t\t<\/div>\n\t\t\t\t\t\t<\/div>\n\t\t\t\t<\/div>\n\t\t\t\t<div class=\"elementor-element elementor-element-1d6543c6 elementor-widget elementor-widget-text-editor\" data-id=\"1d6543c6\" data-element_type=\"widget\" data-widget_type=\"text-editor.default\">\n\t\t\t\t<div class=\"elementor-widget-container\">\n\t\t\t\t\t\t\t\t\t<p>Rappelons que les \u00e9crans ne doivent pas \u00eatre <strong>diabolis\u00e9s<\/strong>, c\u2019est leur utilisation qui doit faire l\u2019objet d\u2019une <strong>attention particuli\u00e8re<\/strong>. D\u00e8s lors, quelques points d\u2019attention peuvent \u00eatre d\u00e9gag\u00e9s\u00a0:<\/p><p><img loading=\"lazy\" decoding=\"async\" class=\"alignleft wp-image-988585\" src=\"https:\/\/chersparents.be\/wp-content\/uploads\/2022\/08\/AdobeStock_422202132-300x200.jpeg\" alt=\"\" width=\"400\" height=\"267\" srcset=\"https:\/\/chersparents.be\/wp-content\/uploads\/2022\/08\/AdobeStock_422202132-300x200.jpeg 300w, https:\/\/chersparents.be\/wp-content\/uploads\/2022\/08\/AdobeStock_422202132-1024x683.jpeg 1024w, https:\/\/chersparents.be\/wp-content\/uploads\/2022\/08\/AdobeStock_422202132-768x512.jpeg 768w, https:\/\/chersparents.be\/wp-content\/uploads\/2022\/08\/AdobeStock_422202132-1536x1024.jpeg 1536w, https:\/\/chersparents.be\/wp-content\/uploads\/2022\/08\/AdobeStock_422202132-2048x1365.jpeg 2048w\" sizes=\"(max-width: 400px) 100vw, 400px\" \/><\/p><ul><li style=\"list-style-type: none\"><ul><li>Il semble important de respecter la r\u00e8gles de la campagne 3-6-9-12 de <a href=\"https:\/\/www.yapaka.be\/\" target=\"_blank\" rel=\"noopener\">Yapaka<\/a> en veillant \u00e0 r\u00e9fl\u00e9chir \u00e9galement \u00e0 notre propre consommation en tant que parents. En effet, nous sommes des mod\u00e8les pour nos enfants. Voir \u00e0 cet \u00e9gard la brochure d\u00e9velopp\u00e9e par le CHU de Li\u00e8ge\u00a0: <em><a href=\"https:\/\/www.chuliege.be\/books\/DependanceEcrans\/\" target=\"_blank\" rel=\"noopener\">Le bon usage des \u00e9crans. \u00ab\u00a0Parents, ils vous regardent\u2026 et vous imitent\u00a0!\u00a0\u00bb<\/a> <\/em>. Cette brochure contient notamment un test rapide sur la consommation des \u00e9crans afin de vous \u00e9valuer sur votre d\u00e9pendance \u00e0 Internet.<\/li><li>L\u2019utilisation des \u00e9crans pour les enfants plus \u00e2g\u00e9(e)s doit \u00eatre favoris\u00e9e dans les pi\u00e8ces communes de la maison permettant ainsi un dialogue sur les contenus qui sont consult\u00e9s.<\/li><li>Il est important de dialoguer avec les enfants\/ados sur leurs centres d\u2019int\u00e9r\u00eat num\u00e9riques : manifester de l\u2019int\u00e9r\u00eat pour les contenus ou jeux qu\u2019ils (elles) appr\u00e9cient favorise ainsi les \u00e9changes sur l\u2019utilisation des \u00e9crans et des r\u00e9serves qui doivent \u00eatre adopt\u00e9es dans leur utilisation.<\/li><\/ul><\/li><\/ul><p>\u00a0<\/p><ul><li>Les modalit\u00e9s d\u2019utilisation doivent \u00eatre discut\u00e9es avec l\u2019enfant et des limites doivent \u00eatre fix\u00e9es (temps d\u2019\u00e9cran, type d\u2019activit\u00e9 sur les \u00e9crans, etc.) et r\u00e9\u00e9valu\u00e9es au fur et \u00e0 mesure du d\u00e9veloppement de celui (celle)-ci, afin de l\u2019autonomiser progressivement dans sa gestion des \u00e9crans.<\/li><li>Il est tout \u00e0 fait possible de mettre en place un contr\u00f4le parental pour les diff\u00e9rents \u00e9crans qui sont \u00e0 disposition de vos enfants. Celui-ci devra \u00eatre discut\u00e9 avec l\u2019enfant et ajust\u00e9 en fonction de son \u00e2ge.<\/li><li>Il est important de favoriser au maximum des activit\u00e9s en ext\u00e9rieur ainsi que des moments de partage, de jeux et d\u2019exploration avec les pairs.<\/li><li>Pour les adolescent(e)s, il faut veiller \u00e0 \u00e9changer sur l\u2019importance de limiter sa consommation nocturne et discuter des risques inh\u00e9rents \u00e0 l\u2019utilisation d\u2019Internet (contenus pornographiques, harc\u00e8lement, etc.).<\/li><li>Il est n\u00e9cessaire de rester attentif(-ve) \u00e0 la consommation d\u2019\u00e9cran de votre jeune et de ne pas h\u00e9siter \u00e0 consulter un professionnel qui sera \u00e0 votre \u00e9coute et \u00e0 celle de votre ado si cette consommation est une source d\u2019inqui\u00e9tude pour vous.<\/li><\/ul>\t\t\t\t\t\t\t\t<\/div>\n\t\t\t\t<\/div>\n\t\t\t\t<div class=\"elementor-element elementor-element-a94047f elementor-widget elementor-widget-spacer\" data-id=\"a94047f\" data-element_type=\"widget\" data-widget_type=\"spacer.default\">\n\t\t\t\t<div class=\"elementor-widget-container\">\n\t\t\t\t\t\t\t<div class=\"elementor-spacer\">\n\t\t\t<div class=\"elementor-spacer-inner\"><\/div>\n\t\t<\/div>\n\t\t\t\t\t\t<\/div>\n\t\t\t\t<\/div>\n\t\t\t\t<div class=\"elementor-element elementor-element-796eef05 elementor-widget elementor-widget-heading\" data-id=\"796eef05\" data-element_type=\"widget\" data-widget_type=\"heading.default\">\n\t\t\t\t<div class=\"elementor-widget-container\">\n\t\t\t\t\t<h4 class=\"elementor-heading-title elementor-size-default\">Sources de la page<\/h4>\t\t\t\t<\/div>\n\t\t\t\t<\/div>\n\t\t\t\t<div class=\"elementor-element elementor-element-6c34ea7a elementor-widget elementor-widget-text-editor\" data-id=\"6c34ea7a\" data-element_type=\"widget\" data-widget_type=\"text-editor.default\">\n\t\t\t\t<div class=\"elementor-widget-container\">\n\t\t\t\t\t\t\t\t\t<p>ARTE, documentaires <em><a href=\"https:\/\/www.arte.tv\/fr\/videos\/RC-017841\/dopamine\/\" target=\"_blank\" rel=\"noopener\">Dopamine<\/a><\/em> sur www.arte.tv (date de consultation\u00a0: 18 aout 2022). Ces documentaires \u00e9clairent sur les comportements d\u2019addiction au web, plateforme par plateforme (Facebook, Instagram, YouTube, etc.). Ils sont \u00e0 destination des petits et grands\u2026 utiles aussi pour les parents\u00a0!<\/p><p>CHU de Li\u00e8ge, <em><a href=\"https:\/\/www.chuliege.be\/books\/DependanceEcrans\/\" target=\"_blank\" rel=\"noopener\">Le bon usage des \u00e9crans. \u00ab\u00a0Parents, ils vous regardent\u2026 et vous imitent\u00a0!\u00a0\u00bb<\/a><\/em> sur www.chuliege.be, publi\u00e9 le 23 sept. 2018 (date de consultation\u00a0: 18 aout 2022).<\/p><p>FORREST Brent et SCHLAGE Tobias, <em><a href=\"https:\/\/www.youtube.com\/watch?v=ioaY1z2trx4\" target=\"_blank\" rel=\"noopener\">Like and Follow<\/a><\/em>, CGMeetup, 19 avr. 2021 (date de consultation\u00a0: 18 aout 2022). Il s\u2019agit d\u2019un court film d\u2019animation sur l\u2019addiction aux t\u00e9l\u00e9phones portables.<\/p><p>MAIF,<em> <a href=\"https:\/\/www.youtube.com\/watch?v=z_OWz12ILEQ\" target=\"_blank\" rel=\"noopener\">Agissons avec Jamy. Les \u00e9crans et les enfants<\/a><\/em>, sur www.youtube.com, publi\u00e9 le 25 janv. 2021 (date de consultation\u00a0: 18 aout 2022).<\/p><p>ONE, <a href=\"https:\/\/www.one.be\/public\/cest-quoi-lone\/nos-campagnes\/les-enfants-et-les-ecrans\/les-resultats-de-lenquete\/\" target=\"_blank\" rel=\"noopener\">\u00ab\u00a0Les enfants et les \u00e9crans. Les r\u00e9sultats de l\u2019enqu\u00eate\u00a0\u00bb<\/a> sur www.one.be (date de consultation\u00a0: 18 aout 2022).<\/p><p>YAPAKA, <a href=\"https:\/\/www.yapaka.be\/ecrans\" target=\"_blank\" rel=\"noopener\">\u00ab\u00a0Maitrisons les \u00e9crans : La campagne 3-6-9-12 donne des rep\u00e8res\u00a0\u00bb<\/a> sur www.yapaka.be (date de consultation : 18 aout 2022).<\/p>\t\t\t\t\t\t\t\t<\/div>\n\t\t\t\t<\/div>\n\t\t\t\t\t<\/div>\n\t\t<\/div>\n\t\t\t\t\t<\/div>\n\t\t<\/section>\n\t\t\t\t<\/div>\n\t\t","protected":false},"excerpt":{"rendered":"<p>Le saviez-vous ? Certains pensent que les \u00e9crans am\u00e9liorent nos capacit\u00e9s cognitives. Malheureusement, c\u2019est trop beau pour \u00eatre vrai ! Il a \u00e9t\u00e9 d\u00e9montr\u00e9, au contraire, qu\u2019une exposition pr\u00e9coce et\/ou r\u00e9guli\u00e8re aux \u00e9crans a un impact n\u00e9gatif sur le d\u00e9veloppement du cerveau et peut conduire \u00e0 des retards de d\u00e9veloppement cognitif sur les plans langagier,&#8230;<\/p>\n","protected":false},"author":4,"featured_media":0,"parent":987663,"menu_order":6,"comment_status":"closed","ping_status":"closed","template":"","meta":{"footnotes":""},"class_list":["post-987695","page","type-page","status-publish","hentry"],"_links":{"self":[{"href":"https:\/\/chersparents.be\/index.php\/wp-json\/wp\/v2\/pages\/987695","targetHints":{"allow":["GET"]}}],"collection":[{"href":"https:\/\/chersparents.be\/index.php\/wp-json\/wp\/v2\/pages"}],"about":[{"href":"https:\/\/chersparents.be\/index.php\/wp-json\/wp\/v2\/types\/page"}],"author":[{"embeddable":true,"href":"https:\/\/chersparents.be\/index.php\/wp-json\/wp\/v2\/users\/4"}],"replies":[{"embeddable":true,"href":"https:\/\/chersparents.be\/index.php\/wp-json\/wp\/v2\/comments?post=987695"}],"version-history":[{"count":40,"href":"https:\/\/chersparents.be\/index.php\/wp-json\/wp\/v2\/pages\/987695\/revisions"}],"predecessor-version":[{"id":989239,"href":"https:\/\/chersparents.be\/index.php\/wp-json\/wp\/v2\/pages\/987695\/revisions\/989239"}],"up":[{"embeddable":true,"href":"https:\/\/chersparents.be\/index.php\/wp-json\/wp\/v2\/pages\/987663"}],"wp:attachment":[{"href":"https:\/\/chersparents.be\/index.php\/wp-json\/wp\/v2\/media?parent=987695"}],"curies":[{"name":"wp","href":"https:\/\/api.w.org\/{rel}","templated":true}]}}